{"version":"1.0","provider_name":"Glut\u00e9nter\u00e1pia","provider_url":"https:\/\/glutenmentes.cafeblog.hu","author_name":"Glut\u00e9nter\u00e1pia","author_url":"https:\/\/glutenmentes.cafeblog.hu\/author\/megakave\/","title":"Hitvall\u00e1som","html":"<div style=\"text-align: justify\">6 milli\u00e1rd ember \u00e9l ezen a F\u00f6ld\u00f6n, 6 milli\u00e1rd f\u00e9le DNS-el. Mindenki m\u00e1s \u00e9s m\u00e1s.<\/div>\r\n<div style=\"text-align: justify\">\u00a0<\/div>\r\n<div style=\"text-align: justify\">Van, aki sz\u0151k\u00e9nek, van, aki barn\u00e1nak sz\u00fcletett. Vannak, akik z\u00f6ld szemmel \u00e9lnek, m\u00e1sok barna szemekkel n\u00e9znek a holnapra. Egyesek alacsonyak, m\u00e1sok 2 m feletti szemmagass\u00e1gb\u00f3l csod\u00e1lkoznak a vil\u00e1gra. Vannak, akiknek b\u00e1rmivel megb\u00edrk\u00f3zik a szervezet\u00fck \u00e9s vannak, akik \u00e9rz\u00e9kenyebbek a k\u00fclvil\u00e1gra.<\/div>\r\n<div style=\"text-align: justify\">\u00a0<\/div>\r\n<div style=\"text-align: justify\">Vannak, akiknek a a szervezete gond n\u00e9lk\u00fcl m\u0171k\u00f6dik\u00a0\u00e9s vannak, akiknek ideiglenes, vagy hossz\u00fa t\u00e1v\u00fa gondjai vannak. Nekem \u00e9s tal\u00e1n neked is a b\u00e9lrendszereddel van gondod - ami egy \u00e9letre sz\u00f3l: glut\u00e9n\u00e9rz\u00e9keny vagyok. Ez az\u00e9rt van, mert a test\u00fcnk\u00a0nem k\u00e9pes megk\u00fcl\u00f6nb\u00f6ztetni bizonyos t\u00e1pl\u00e1l\u00e9kokat az emberi test egyes r\u00e9szeit\u0151l. \u00cdgy azt\u00e1n ellen\u00fck fordul, legyen sz\u00f3 h\u00f3feh\u00e9r b\u00fazalisztb\u0151l k\u00e9sz\u00fclt keny\u00e9rr\u0151l vagy b\u00e1rmi m\u00e1sr\u00f3l, amit a szervezet annak v\u00e9l - m\u00e9g akkor is, ha az nem m\u00e1s, mint a saj\u00e1t tested.\u00a0A glut\u00e9n\u00e9rz\u00e9kenys\u00e9g err\u0151l sz\u00f3l. Arr\u00f3l, hogy a szervezeted nem tud mit kezdeni n\u00e9h\u00e1ny anyaggal. Megpr\u00f3b\u00e1lja minden \u00e1ron ki\u00edrtani, ki\u0171zni a szervezetb\u0151l. De nemcsak azt, hanem minden hasonl\u00f3t is. \u00c9s a harc k\u00f6zben persze hullik a forg\u00e1cs, roncsol\u00f3dnak a belek, a csontok \u00e9s sok m\u00e1s is, ami addig megfelel\u0151en m\u0171k\u00f6d\u00f6tt.\u00a0<\/div>\r\n<div style=\"text-align: justify\">\u00a0<\/div>\r\n<div style=\"text-align: justify\">De lehet, hogy neked m\u00e1s probl\u00e9m\u00e1d van. Lehet, hogy a szervezeted \u00fagy termeli az inzulint, mint a hegyi forr\u00e1s a hidegvizet. \u00cdgy sem egyszer\u0171 az \u00e9let, de egy dolognak l\u00e9gy tudat\u00e1ban: ha id\u0151ben \u00e9szreveszed \u00e9s v\u00e1ltoztatsz az \u00e9letm\u00f3dodon, ez csak egy \u00e1tmeneti \u00e1llapot.\u00a0<\/div>\r\n<div style=\"text-align: justify\">\u00a0<\/div>\r\n<div style=\"text-align: justify\">\r\n<div class=\"_2cuy _3dgx _2vxa\">Mi a megold\u00e1s?\u00a0Mit tehetsz ellene? Amit \u00e9n: elfogadod azt, hogy<\/div>\r\n<ul>\r\n<li class=\"_2cuy _3dgx _2vxa\">glut\u00e9n\u00e9rz\u00e9keny vagy,<\/li>\r\n<li class=\"_2cuy _3dgx _2vxa\">inzulinrezisztens vagy, esetleg<\/li>\r\n<li class=\"_2cuy _3dgx _2vxa\">IBS-ed van, de az is lehet, hogy<\/li>\r\n<li class=\"_2cuy _3dgx _2vxa\">egyszer\u0171en csak refluxos vagy,<\/li>\r\n<li class=\"_2cuy _3dgx _2vxa\">vagy \u00e9pp klimaxolsz.<\/li>\r\n<\/ul>\r\n<p>Mindegy, hogy \u00e9pp milyen \u00e1llapotban van a szervezeted. L\u00e9nyeg, hogy felismerd, hogy:<\/p>\r\n<h4 style=\"text-align: center\">VAN MEGOLD\u00c1S!<\/h4>\r\n<p>Ak\u00e1r \u00e1tmeneti a szervezeted \u00e1llapota, ak\u00e1r egy \u00e9letre oda kell figyelni saj\u00e1t magadra, mindig, mindenkor van megold\u00e1s. Ezt pedig \u00fagy nevezik:<\/p>\r\n<h4 style=\"text-align: center\">\u00c9LETM\u00d3DV\u00c1LT\u00c1S.<\/h4>\r\n<p>Ebben seg\u00edtek neked a blogommal. A Samvira oldalt az\u00e9rt hoztam l\u00e9tre, hogy min\u00e9l t\u00f6bb hasznos inform\u00e1ci\u00f3t megoszthassak veled, amivel k\u00f6nnyebb\u00e9 tehetem neked azt az id\u0151szakot, am\u00edg megsz\u00fcnteted a probl\u00e9m\u00e1t.\u00a0<\/p>\r\n<p>Mert hiszem, hogy rengeteg probl\u00e9m\u00e1ra van megold\u00e1s. Els\u0151 \u00e9s legfontosabb az, hogy\u00a0b\u00e9k\u00e9lj meg\u00a0a szervezeteddel, az \u00e1llapotoddal, az \u00e9telekkel, ekkor megb\u00e9k\u00e9lsz saj\u00e1t magaddal. Odafigyelsz magadra nap, mint nap. Megtanulod szeretni \u00e9s tisztelni a tested. Megtanulod, hogy hogyan\u00a0\u00e9lhetsz\u00a0boldog \u00e9s eg\u00e9szs\u00e9ges \u00e9letet.<\/p>\r\n<\/div>\r\n<div style=\"text-align: justify\">\u00a0<\/div>\r\n<h3 style=\"text-align: center\">\u00c9lj teljes \u00e9letet!<\/h3>\r\n<div>\u00a0<\/div>\r\n<div>dr. K\u0151v\u00e1ri Elvira<\/div>\r\n<div>fitoterapeuta,\u00a0glut\u00e9n\u00e9rz\u00e9keny blogger<\/div>","type":"rich","thumbnail_url":"https:\/\/glutenmentes.cafeblog.hu\/files\/2018\/03\/bread-821503_1280-150x150.jpg","thumbnail_width":150,"thumbnail_height":150}